{"id":1515,"date":"2021-05-25T15:17:28","date_gmt":"2021-05-25T13:17:28","guid":{"rendered":"https:\/\/grabowymeble.pl\/?page_id=1515"},"modified":"2021-06-18T11:16:37","modified_gmt":"2021-06-18T09:16:37","slug":"galeria","status":"publish","type":"page","link":"https:\/\/grabowymeble.pl\/galeria\/","title":{"rendered":"Galeria"},"content":{"rendered":"<p>[vc_row][vc_column][vc_empty_space height=&#8221;30&#8243;][vc_column_text]<strong>Pi\u0119kne wn\u0119trza to przyjemno\u015b\u0107 \u017cycia<\/strong> i rado\u015b\u0107 u\u017cytkowania przestrzeni. Ka\u017cdy mo\u017ce zaprojektowa\u0107 efektowne mieszkanie, wymaga to jedynie wyzwolenia kreatywno\u015bci i tw\u00f3rczego my\u015blenia. To zadanie polegaj\u0105ce na harmonijnym \u0142\u0105czeniu wzor\u00f3w i tworzeniu przestrzeni wype\u0142nionej form\u0105, kszta\u0142tem, \u015bwiat\u0142em i kolorem.<\/p>\n<p style=\"font-weight: 400;\"><b><a href=\"\/o-firmie\">Producent mebli na wymiar<\/a><\/b>\u00a0musi cechowa\u0107 si\u0119 solidno\u015bci\u0105 \u2013 my spe\u0142niamy ten wym\u00f3g w stu procentach. Dbamy o zadowalaj\u0105c\u0105 jako\u015b\u0107 wyko\u0144cze\u0144. Ka\u017cdy mebel jest dla nas r\u00f3wnie wa\u017cny, niezale\u017cnie czy chodzi o\u00a0<b><strong>garderoby i szafy wn\u0119kowe, panele z forniru<\/strong><\/b>\u00a0b\u0105d\u017a inne detale. \u015awiadectwo naszych dokona\u0144 stanowi\u0105 poni\u017csze\u00a0<b><strong>zdj\u0119cia<\/strong><\/b>\u00a0z realizacjami pokojowymi,\u00a0<b><a href=\"\/nasza-oferta\">meblami kuchennymi i \u0142azienkowymi<\/a><\/b>\u00a0\u2013 w budownictwie prywatnym, jak i komercyjnym.<\/p>\n<p style=\"font-weight: 400; text-align: center;\"><b><strong>Zach\u0119camy do przegl\u0105dania galerii<\/strong><\/b>.<\/p>\n<p>[\/vc_column_text][\/vc_column][\/vc_row][vc_row el_class=&#8221;gallery-buttons-with-image&#8221;][vc_column width=&#8221;1\/3&#8243;][vc_single_image image=&#8221;1915&#8243; img_size=&#8221;medium&#8221; alignment=&#8221;center&#8221;][vc_btn title=&#8221;Meble kuchenne&#8221; style=&#8221;custom&#8221; custom_background=&#8221;&#8221; custom_text=&#8221;&#8221; shape=&#8221;square&#8221; align=&#8221;center&#8221; css_animation=&#8221;none&#8221; link=&#8221;url:%2Fgaleria%2Fmeble-kuchenne%2F|title:Meble%20kuchenne&#8221;][\/vc_column][vc_column width=&#8221;1\/3&#8243;][vc_single_image image=&#8221;1942&#8243; img_size=&#8221;medium&#8221; alignment=&#8221;center&#8221;][vc_btn title=&#8221;Meble \u0142azienkowe&#8221; style=&#8221;custom&#8221; custom_background=&#8221;&#8221; custom_text=&#8221;&#8221; shape=&#8221;square&#8221; align=&#8221;center&#8221; link=&#8221;url:%2Fgaleria%2Fmeble-lazienkowe%2F|title:Meble%20%C5%82azienkowe&#8221;][\/vc_column][vc_column width=&#8221;1\/3&#8243;][vc_single_image image=&#8221;1958&#8243; img_size=&#8221;medium&#8221; alignment=&#8221;center&#8221;][vc_btn title=&#8221;Meble m\u0142odzie\u017cowe, pokojowe i inne&#8221; style=&#8221;custom&#8221; custom_background=&#8221;&#8221; custom_text=&#8221;&#8221; shape=&#8221;square&#8221; align=&#8221;center&#8221; link=&#8221;url:%2Fgaleria%2Fmeble-mlodziezowe-pokojowe-i-inne%2F|title:Meble%20m%C5%82odzie%C5%BCowe%2C%20pokojowe%20i%20inne&#8221;][\/vc_column][\/vc_row][vc_row el_class=&#8221;gallery-buttons-with-image&#8221;][vc_column width=&#8221;1\/3&#8243;][vc_single_image image=&#8221;2010&#8243; img_size=&#8221;medium&#8221; alignment=&#8221;center&#8221;][vc_btn title=&#8221;Realizacje komercyjne&#8221; style=&#8221;custom&#8221; custom_background=&#8221;&#8221; custom_text=&#8221;&#8221; shape=&#8221;square&#8221; align=&#8221;center&#8221; link=&#8221;url:%2Fgaleria%2Frealizacje-komercyjne%2F|title:Realizacje%20komercyjne&#8221;][\/vc_column][vc_column width=&#8221;1\/3&#8243;][vc_single_image image=&#8221;1585&#8243; img_size=&#8221;medium&#8221; alignment=&#8221;center&#8221;][vc_btn title=&#8221;Sto\u0142y i stoliki&#8221; style=&#8221;custom&#8221; custom_background=&#8221;&#8221; custom_text=&#8221;&#8221; shape=&#8221;square&#8221; align=&#8221;center&#8221; link=&#8221;url:%2Fgaleria%2Fstoly-stoliki%2F|title:Sto%C5%82y%20i%20stoliki&#8221;][\/vc_column][vc_column width=&#8221;1\/3&#8243;][vc_single_image image=&#8221;2054&#8243; img_size=&#8221;medium&#8221; alignment=&#8221;center&#8221;][vc_btn title=&#8221;Szafy, gaderoby, zabudowy wn\u0119k&#8221; style=&#8221;custom&#8221; custom_background=&#8221;&#8221; custom_text=&#8221;&#8221; shape=&#8221;square&#8221; align=&#8221;center&#8221; link=&#8221;url:%2Fgaleria%2Fszafy-gaderoby-zabudowy-wnek%2F|title:Szafy%2C%20gaderoby%2C%20zabudowy%20wn%C4%99k&#8221;][\/vc_column][\/vc_row][vc_row fullwidth=&#8221;yes&#8221;][vc_column][vc_empty_space height=&#8221;50&#8243;]\n\t<!-- Element: OT Heading --> \t \n\t<h2 class=\"ot_custom_heading  \" style=\"text-align: center;color: #333333;\" >Partnerzy<\/h2>\t\n[vc_raw_html]JTNDZGl2JTIwY2xhc3MlM0QlMjIlMjBzZXBhcmF0b3IlMjBzZXBhcmF0b3ItbGlnaHQlMjIlM0UlM0NzcGFuJTNFJTNDaSUyMGNsYXNzJTNEJTIyZmElMjBmYS1jaXJjbGUlMjIlM0UlM0MlMkZpJTNFJTNDJTJGc3BhbiUzRSUzQyUyRmRpdiUzRSUwQQ==[\/vc_raw_html][vc_empty_space height=&#8221;20&#8243;][\/vc_column][\/vc_row][vc_row][vc_column width=&#8221;1\/5&#8243;][vc_single_image image=&#8221;1700&#8243; img_size=&#8221;full&#8221;][\/vc_column][vc_column width=&#8221;1\/5&#8243;][vc_single_image image=&#8221;1699&#8243; img_size=&#8221;full&#8221;][\/vc_column][vc_column width=&#8221;1\/5&#8243;][vc_single_image image=&#8221;1698&#8243; img_size=&#8221;full&#8221;][\/vc_column][vc_column width=&#8221;1\/5&#8243;][vc_single_image image=&#8221;1697&#8243; img_size=&#8221;full&#8221;][\/vc_column][vc_column width=&#8221;1\/5&#8243;][vc_single_image image=&#8221;1696&#8243; img_size=&#8221;full&#8221;][\/vc_column][\/vc_row][vc_row][vc_column width=&#8221;1\/5&#8243;][vc_single_image image=&#8221;1695&#8243; img_size=&#8221;full&#8221;][\/vc_column][vc_column width=&#8221;1\/5&#8243;][vc_single_image image=&#8221;1694&#8243; img_size=&#8221;full&#8221;][\/vc_column][vc_column width=&#8221;1\/5&#8243;][vc_single_image image=&#8221;1693&#8243; img_size=&#8221;full&#8221;][\/vc_column][vc_column width=&#8221;1\/5&#8243;][vc_single_image image=&#8221;1692&#8243; img_size=&#8221;full&#8221;][\/vc_column][vc_column width=&#8221;1\/5&#8243;][vc_single_image image=&#8221;1691&#8243; img_size=&#8221;full&#8221;][\/vc_column][\/vc_row][vc_row][vc_column width=&#8221;1\/5&#8243;][vc_single_image image=&#8221;1690&#8243; img_size=&#8221;full&#8221;][\/vc_column][vc_column width=&#8221;1\/5&#8243;][vc_single_image image=&#8221;1689&#8243; img_size=&#8221;full&#8221;][\/vc_column][vc_column width=&#8221;1\/5&#8243;][vc_single_image image=&#8221;1688&#8243; img_size=&#8221;full&#8221;][\/vc_column][vc_column width=&#8221;1\/5&#8243;][vc_single_image image=&#8221;1687&#8243; img_size=&#8221;full&#8221;][\/vc_column][vc_column width=&#8221;1\/5&#8243;][vc_single_image image=&#8221;1686&#8243; img_size=&#8221;full&#8221;][\/vc_column][\/vc_row][vc_row fullwidth=&#8221;yes&#8221;][vc_column][vc_empty_space height=&#8221;30&#8243;][\/vc_column][\/vc_row]<\/p>\n","protected":false},"excerpt":{"rendered":"<p>[vc_row][vc_column][vc_empty_space height=&#8221;30&#8243;][vc_column_text]Pi\u0119kne wn\u0119trza to przyjemno\u015b\u0107 \u017cycia i rado\u015b\u0107 u\u017cytkowania przestrzeni. Ka\u017cdy mo\u017ce zaprojektowa\u0107 efektowne mieszkanie, wymaga to jedynie wyzwolenia kreatywno\u015bci i tw\u00f3rczego my\u015blenia. To zadanie polegaj\u0105ce na harmonijnym \u0142\u0105czeniu wzor\u00f3w i tworzeniu przestrzeni wype\u0142nionej form\u0105, kszta\u0142tem, \u015bwiat\u0142em i kolorem. Producent mebli na wymiar\u00a0musi cechowa\u0107 si\u0119 solidno\u015bci\u0105 \u2013 my spe\u0142niamy ten wym\u00f3g w stu procentach. Dbamy [&hellip;]<\/p>\n","protected":false},"author":1,"featured_media":0,"parent":0,"menu_order":0,"comment_status":"closed","ping_status":"closed","template":"page-templates\/template-fullwidth.php","meta":[],"yoast_head":"<!-- This site is optimized with the Yoast SEO plugin v16.2 - https:\/\/yoast.com\/wordpress\/plugins\/seo\/ -->\n<title>Garderoby i szafy wn\u0119kowe | meble kuchenne \u2013 galeria realizacji<\/title>\n<meta name=\"description\" content=\"Zajmujemy si\u0119 produkcj\u0105 nowoczesnych mebli dedykowanych do salonu, kuchni, \u0142azienki oraz sypialni. Zapraszamy do obejrzenia naszej galerii.\" \/>\n<meta name=\"robots\" content=\"index, follow, max-snippet:-1, max-image-preview:large, max-video-preview:-1\" \/>\n<link rel=\"canonical\" href=\"https:\/\/grabowymeble.pl\/galeria\/\" \/>\n<meta property=\"og:locale\" content=\"pl_PL\" \/>\n<meta property=\"og:type\" content=\"article\" \/>\n<meta property=\"og:title\" content=\"Garderoby i szafy wn\u0119kowe | meble kuchenne \u2013 galeria realizacji\" \/>\n<meta property=\"og:description\" content=\"Zajmujemy si\u0119 produkcj\u0105 nowoczesnych mebli dedykowanych do salonu, kuchni, \u0142azienki oraz sypialni. Zapraszamy do obejrzenia naszej galerii.\" \/>\n<meta property=\"og:url\" content=\"https:\/\/grabowymeble.pl\/galeria\/\" \/>\n<meta property=\"og:site_name\" content=\"Meble kuchenne na zam\u00f3wienie \u2013 Ostr\u00f3w Mazowiecka\" \/>\n<meta property=\"article:modified_time\" content=\"2021-06-18T09:16:37+00:00\" \/>\n<meta name=\"twitter:card\" content=\"summary_large_image\" \/>\n<meta name=\"twitter:label1\" content=\"Szacowany czas czytania\">\n\t<meta name=\"twitter:data1\" content=\"2 minuty\">\n<script type=\"application\/ld+json\" class=\"yoast-schema-graph\">{\"@context\":\"https:\/\/schema.org\",\"@graph\":[{\"@type\":\"WebSite\",\"@id\":\"https:\/\/grabowymeble.pl\/#website\",\"url\":\"https:\/\/grabowymeble.pl\/\",\"name\":\"Meble kuchenne na zam\\u00f3wienie \\u2013 Ostr\\u00f3w Mazowiecka\",\"description\":\"Witamy na stronie firmy Grabowy Design z Ostrowi Mazowieckiej, specjalizuj\\u0105cej si\\u0119 w projektowaniu i produkcji nowoczesnych mebli kuchennych na zam\\u00f3wienie.\",\"potentialAction\":[{\"@type\":\"SearchAction\",\"target\":\"https:\/\/grabowymeble.pl\/?s={search_term_string}\",\"query-input\":\"required name=search_term_string\"}],\"inLanguage\":\"pl-PL\"},{\"@type\":\"WebPage\",\"@id\":\"https:\/\/grabowymeble.pl\/galeria\/#webpage\",\"url\":\"https:\/\/grabowymeble.pl\/galeria\/\",\"name\":\"Garderoby i szafy wn\\u0119kowe | meble kuchenne \\u2013 galeria realizacji\",\"isPartOf\":{\"@id\":\"https:\/\/grabowymeble.pl\/#website\"},\"datePublished\":\"2021-05-25T13:17:28+00:00\",\"dateModified\":\"2021-06-18T09:16:37+00:00\",\"description\":\"Zajmujemy si\\u0119 produkcj\\u0105 nowoczesnych mebli dedykowanych do salonu, kuchni, \\u0142azienki oraz sypialni. Zapraszamy do obejrzenia naszej galerii.\",\"breadcrumb\":{\"@id\":\"https:\/\/grabowymeble.pl\/galeria\/#breadcrumb\"},\"inLanguage\":\"pl-PL\",\"potentialAction\":[{\"@type\":\"ReadAction\",\"target\":[\"https:\/\/grabowymeble.pl\/galeria\/\"]}]},{\"@type\":\"BreadcrumbList\",\"@id\":\"https:\/\/grabowymeble.pl\/galeria\/#breadcrumb\",\"itemListElement\":[{\"@type\":\"ListItem\",\"position\":1,\"item\":{\"@type\":\"WebPage\",\"@id\":\"https:\/\/grabowymeble.pl\/\",\"url\":\"https:\/\/grabowymeble.pl\/\",\"name\":\"Strona g\\u0142\\u00f3wna\"}},{\"@type\":\"ListItem\",\"position\":2,\"item\":{\"@id\":\"https:\/\/grabowymeble.pl\/galeria\/#webpage\"}}]}]}<\/script>\n<!-- \/ Yoast SEO plugin. -->","_links":{"self":[{"href":"https:\/\/grabowymeble.pl\/api\/wp\/v2\/pages\/1515"}],"collection":[{"href":"https:\/\/grabowymeble.pl\/api\/wp\/v2\/pages"}],"about":[{"href":"https:\/\/grabowymeble.pl\/api\/wp\/v2\/types\/page"}],"author":[{"embeddable":true,"href":"https:\/\/grabowymeble.pl\/api\/wp\/v2\/users\/1"}],"replies":[{"embeddable":true,"href":"https:\/\/grabowymeble.pl\/api\/wp\/v2\/comments?post=1515"}],"version-history":[{"count":48,"href":"https:\/\/grabowymeble.pl\/api\/wp\/v2\/pages\/1515\/revisions"}],"predecessor-version":[{"id":2136,"href":"https:\/\/grabowymeble.pl\/api\/wp\/v2\/pages\/1515\/revisions\/2136"}],"wp:attachment":[{"href":"https:\/\/grabowymeble.pl\/api\/wp\/v2\/media?parent=1515"}],"curies":[{"name":"wp","href":"https:\/\/api.w.org\/{rel}","templated":true}]}}