{"id":1416,"date":"2021-05-06T09:11:38","date_gmt":"2021-05-06T07:11:38","guid":{"rendered":"https:\/\/grabowymeble.pl\/?page_id=1416"},"modified":"2021-06-21T14:31:31","modified_gmt":"2021-06-21T12:31:31","slug":"strona-glowna","status":"publish","type":"page","link":"https:\/\/grabowymeble.pl\/","title":{"rendered":"Strona g\u0142\u00f3wna"},"content":{"rendered":"<p>[vc_row fullwidth=&#8221;yes&#8221;][vc_column]\n\t\t\t<!-- START Slider 1 REVOLUTION SLIDER 6.4.8 --><p class=\"rs-p-wp-fix\"><\/p>\n\t\t\t<rs-module-wrap id=\"rev_slider_1_1_wrapper\" data-source=\"gallery\" style=\"background:transparent;padding:0;margin:0px auto;margin-top:0;margin-bottom:0;\">\n\t\t\t\t<rs-module id=\"rev_slider_1_1\" style=\"\" data-version=\"6.4.8\">\n\t\t\t\t\t<rs-slides>\n\t\t\t\t\t\t<rs-slide data-key=\"rs-1\" data-title=\"kuchnie\" data-thumb=\"\/\/grabowymeble.pl\/wp-content\/uploads\/2021\/07\/85042612_1062094180801307_1237081603520331776_n-50x100.jpg\" data-in=\"o:0;\" data-out=\"a:false;\">\n\t\t\t\t\t\t\t<img src=\"\/\/grabowymeble.pl\/wp-content\/uploads\/2021\/07\/85042612_1062094180801307_1237081603520331776_n.jpg\" title=\"85042612_1062094180801307_1237081603520331776_n\" width=\"960\" height=\"960\" class=\"rev-slidebg tp-rs-img\" data-bg=\"p:left center;\" data-no-retina>\n<!--\n\t\t\t\t\t\t\t--><rs-layer\n\t\t\t\t\t\t\t\tid=\"slider-1-slide-1-layer-0\" \n\t\t\t\t\t\t\t\tdata-type=\"shape\"\n\t\t\t\t\t\t\t\tdata-rsp_ch=\"on\"\n\t\t\t\t\t\t\t\tdata-xy=\"x:c;xo:-1px,0,0,0;yo:1px,0,0,0;\"\n\t\t\t\t\t\t\t\tdata-text=\"w:normal;s:20,16,12,7;l:0,20,15,9;\"\n\t\t\t\t\t\t\t\tdata-dim=\"w:100%;h:100%;\"\n\t\t\t\t\t\t\t\tdata-basealign=\"slide\"\n\t\t\t\t\t\t\t\tdata-frame_999=\"o:0;st:w;sR:8700;\"\n\t\t\t\t\t\t\t\tstyle=\"z-index:8;background-color:rgba(0,0,0,0.5);\"\n\t\t\t\t\t\t\t> \n\t\t\t\t\t\t\t<\/rs-layer><!--\n\n\t\t\t\t\t\t\t--><h2\n\t\t\t\t\t\t\t\tid=\"slider-1-slide-1-layer-2\" \n\t\t\t\t\t\t\t\tclass=\"rs-layer\"\n\t\t\t\t\t\t\t\tdata-type=\"text\"\n\t\t\t\t\t\t\t\tdata-color=\"#ed008f\"\n\t\t\t\t\t\t\t\tdata-tsh=\"c:#efefef;b:40px,33px,25px,15px;\"\n\t\t\t\t\t\t\t\tdata-rsp_ch=\"on\"\n\t\t\t\t\t\t\t\tdata-xy=\"x:c;y:m,t,t,t;yo:0,200px,200px,200px;\"\n\t\t\t\t\t\t\t\tdata-text=\"w:normal;s:42,50,50,50;l:52,56,56,55;fw:300;a:center;\"\n\t\t\t\t\t\t\t\tdata-padding=\"t:5,4,3,2;r:12,10,8,5;b:5,4,3,2;l:12,10,8,5;\"\n\t\t\t\t\t\t\t\tdata-border=\"bos:solid;boc:#ffffff;bow:1px,1px,1px,1px;\"\n\t\t\t\t\t\t\t\tdata-frame_1=\"st:500;sp:500;sR:500;\"\n\t\t\t\t\t\t\t\tdata-frame_999=\"o:0;st:w;sR:8000;\"\n\t\t\t\t\t\t\t\tstyle=\"z-index:9;background-color:rgba(255,255,255,0.65);font-family:Montserrat;\"\n\t\t\t\t\t\t\t>Meble kuchenne<br \/> na wymiar \n\t\t\t\t\t\t\t<\/h2><!--\n-->\t\t\t\t\t\t<\/rs-slide>\n\t\t\t\t\t\t<rs-slide data-key=\"rs-2\" data-title=\"\u0142azienki\" data-thumb=\"\/\/grabowymeble.pl\/wp-content\/uploads\/2021\/05\/bathroom-5CKC9XW-50x100.jpg\" data-in=\"o:0;\" data-out=\"a:false;\">\n\t\t\t\t\t\t\t<img src=\"\/\/grabowymeble.pl\/wp-content\/uploads\/2021\/05\/bathroom-5CKC9XW.jpg\" alt=\"Nowoczesna \u0142azienka\" title=\"Nowoczesna \u0142azienka\" width=\"1920\" height=\"1280\" class=\"rev-slidebg tp-rs-img\" data-bg=\"p:50% 65%;\" data-no-retina>\n<!--\n\t\t\t\t\t\t\t--><rs-layer\n\t\t\t\t\t\t\t\tid=\"slider-1-slide-2-layer-1\" \n\t\t\t\t\t\t\t\tdata-type=\"shape\"\n\t\t\t\t\t\t\t\tdata-rsp_ch=\"on\"\n\t\t\t\t\t\t\t\tdata-text=\"w:normal;s:20,16,12,7;l:0,20,15,9;\"\n\t\t\t\t\t\t\t\tdata-dim=\"w:100%;h:100%;\"\n\t\t\t\t\t\t\t\tdata-basealign=\"slide\"\n\t\t\t\t\t\t\t\tdata-frame_999=\"o:0;st:w;\"\n\t\t\t\t\t\t\t\tstyle=\"z-index:7;background-color:rgba(0,0,0,0.5);\"\n\t\t\t\t\t\t\t> \n\t\t\t\t\t\t\t<\/rs-layer><!--\n\n\t\t\t\t\t\t\t--><h2\n\t\t\t\t\t\t\t\tid=\"slider-1-slide-2-layer-4\" \n\t\t\t\t\t\t\t\tclass=\"rs-layer\"\n\t\t\t\t\t\t\t\tdata-type=\"text\"\n\t\t\t\t\t\t\t\tdata-color=\"#ed008f\"\n\t\t\t\t\t\t\t\tdata-tsh=\"c:#ffffff;b:40px,33px,25px,15px;\"\n\t\t\t\t\t\t\t\tdata-rsp_ch=\"on\"\n\t\t\t\t\t\t\t\tdata-xy=\"x:c;xo:0,0,0,-2px;y:m,t,t,t;yo:1px,200px,200px,200px;\"\n\t\t\t\t\t\t\t\tdata-text=\"w:normal;s:50;l:56;fw:300;a:center;\"\n\t\t\t\t\t\t\t\tdata-padding=\"t:5,4,3,2;r:12,10,8,5;b:5,4,3,2;l:12,10,8,5;\"\n\t\t\t\t\t\t\t\tdata-border=\"bos:solid;boc:#ffffff;bow:1px,1px,1px,1px;\"\n\t\t\t\t\t\t\t\tdata-frame_1=\"st:500;sp:500;\"\n\t\t\t\t\t\t\t\tdata-frame_999=\"o:0;st:w;\"\n\t\t\t\t\t\t\t\tstyle=\"z-index:9;background-color:rgba(255,255,255,0.65);font-family:Montserrat;\"\n\t\t\t\t\t\t\t>Meble \u0142azienkowe <br \/>na wymiar \n\t\t\t\t\t\t\t<\/h2><!--\n-->\t\t\t\t\t\t<\/rs-slide>\n\t\t\t\t\t\t<rs-slide data-key=\"rs-6\" data-title=\"szafy\" data-thumb=\"\/\/grabowymeble.pl\/wp-content\/uploads\/2021\/06\/szafa-t-50x100.jpg\" data-in=\"o:0;\" data-out=\"a:false;\">\n\t\t\t\t\t\t\t<img src=\"\/\/grabowymeble.pl\/wp-content\/uploads\/2021\/06\/szafa-t.jpg\" title=\"szafa\" width=\"1920\" height=\"1280\" class=\"rev-slidebg tp-rs-img\" data-no-retina>\n<!--\n\t\t\t\t\t\t\t--><rs-layer\n\t\t\t\t\t\t\t\tid=\"slider-1-slide-6-layer-1\" \n\t\t\t\t\t\t\t\tdata-type=\"shape\"\n\t\t\t\t\t\t\t\tdata-rsp_ch=\"on\"\n\t\t\t\t\t\t\t\tdata-text=\"w:normal;s:20,16,12,7;l:0,20,15,9;\"\n\t\t\t\t\t\t\t\tdata-dim=\"w:100%;h:100%;\"\n\t\t\t\t\t\t\t\tdata-basealign=\"slide\"\n\t\t\t\t\t\t\t\tdata-frame_999=\"o:0;st:w;\"\n\t\t\t\t\t\t\t\tstyle=\"z-index:7;background-color:rgba(0,0,0,0.5);\"\n\t\t\t\t\t\t\t> \n\t\t\t\t\t\t\t<\/rs-layer><!--\n\n\t\t\t\t\t\t\t--><h2\n\t\t\t\t\t\t\t\tid=\"slider-1-slide-6-layer-4\" \n\t\t\t\t\t\t\t\tclass=\"rs-layer\"\n\t\t\t\t\t\t\t\tdata-type=\"text\"\n\t\t\t\t\t\t\t\tdata-color=\"#ed008f\"\n\t\t\t\t\t\t\t\tdata-tsh=\"c:#ffffff;b:40px,33px,25px,15px;\"\n\t\t\t\t\t\t\t\tdata-rsp_ch=\"on\"\n\t\t\t\t\t\t\t\tdata-xy=\"x:c;xo:0,0,0,-2px;y:m,t,t,t;yo:1px,200px,200px,200px;\"\n\t\t\t\t\t\t\t\tdata-text=\"w:normal;s:50;l:56;fw:300;a:center;\"\n\t\t\t\t\t\t\t\tdata-padding=\"t:5,4,3,2;r:12,10,8,5;b:5,4,3,2;l:12,10,8,5;\"\n\t\t\t\t\t\t\t\tdata-border=\"bos:solid;boc:#ffffff;bow:1px,1px,1px,1px;\"\n\t\t\t\t\t\t\t\tdata-frame_1=\"st:500;sp:500;\"\n\t\t\t\t\t\t\t\tdata-frame_999=\"o:0;st:w;\"\n\t\t\t\t\t\t\t\tstyle=\"z-index:9;background-color:rgba(255,255,255,0.65);font-family:Montserrat;\"\n\t\t\t\t\t\t\t>Szafy <br \/> Zabudowy wn\u0119k \n\t\t\t\t\t\t\t<\/h2><!--\n-->\t\t\t\t\t\t<\/rs-slide>\n\t\t\t\t\t\t<rs-slide data-key=\"rs-7\" data-title=\"garderoby\" data-thumb=\"\/\/grabowymeble.pl\/wp-content\/uploads\/2021\/06\/garderoba-t-50x100.jpg\" data-in=\"o:0;\" data-out=\"a:false;\">\n\t\t\t\t\t\t\t<img src=\"\/\/grabowymeble.pl\/wp-content\/uploads\/2021\/06\/garderoba-t.jpg\" title=\"garderoba\" width=\"1920\" height=\"1600\" class=\"rev-slidebg tp-rs-img\" data-bg=\"p:55% 30%;\" data-no-retina>\n<!--\n\t\t\t\t\t\t\t--><rs-layer\n\t\t\t\t\t\t\t\tid=\"slider-1-slide-7-layer-1\" \n\t\t\t\t\t\t\t\tdata-type=\"shape\"\n\t\t\t\t\t\t\t\tdata-rsp_ch=\"on\"\n\t\t\t\t\t\t\t\tdata-text=\"w:normal;s:20,16,12,7;l:0,20,15,9;\"\n\t\t\t\t\t\t\t\tdata-dim=\"w:100%;h:100%;\"\n\t\t\t\t\t\t\t\tdata-basealign=\"slide\"\n\t\t\t\t\t\t\t\tdata-frame_999=\"o:0;st:w;\"\n\t\t\t\t\t\t\t\tstyle=\"z-index:7;background-color:rgba(0,0,0,0.5);\"\n\t\t\t\t\t\t\t> \n\t\t\t\t\t\t\t<\/rs-layer><!--\n\n\t\t\t\t\t\t\t--><h2\n\t\t\t\t\t\t\t\tid=\"slider-1-slide-7-layer-4\" \n\t\t\t\t\t\t\t\tclass=\"rs-layer\"\n\t\t\t\t\t\t\t\tdata-type=\"text\"\n\t\t\t\t\t\t\t\tdata-color=\"#ed008f\"\n\t\t\t\t\t\t\t\tdata-tsh=\"c:#ffffff;b:40px,33px,25px,15px;\"\n\t\t\t\t\t\t\t\tdata-rsp_ch=\"on\"\n\t\t\t\t\t\t\t\tdata-xy=\"x:c;xo:0,0,0,-2px;y:m,t,t,t;yo:1px,200px,200px,200px;\"\n\t\t\t\t\t\t\t\tdata-text=\"w:normal;s:50;l:56;fw:300;a:center;\"\n\t\t\t\t\t\t\t\tdata-padding=\"t:5,4,3,2;r:12,10,8,5;b:5,4,3,2;l:12,10,8,5;\"\n\t\t\t\t\t\t\t\tdata-border=\"bos:solid;boc:#ffffff;bow:1px,1px,1px,1px;\"\n\t\t\t\t\t\t\t\tdata-frame_1=\"st:500;sp:500;\"\n\t\t\t\t\t\t\t\tdata-frame_999=\"o:0;st:w;\"\n\t\t\t\t\t\t\t\tstyle=\"z-index:9;background-color:rgba(255,255,255,0.65);font-family:Montserrat;\"\n\t\t\t\t\t\t\t>Garderoby \n\t\t\t\t\t\t\t<\/h2><!--\n-->\t\t\t\t\t\t<\/rs-slide>\n\t\t\t\t\t\t<rs-slide data-key=\"rs-8\" data-title=\"sypialnie\" data-thumb=\"\/\/grabowymeble.pl\/wp-content\/uploads\/2021\/06\/sypialnia-t-50x100.jpg\" data-in=\"o:0;\" data-out=\"a:false;\">\n\t\t\t\t\t\t\t<img src=\"\/\/grabowymeble.pl\/wp-content\/uploads\/2021\/06\/sypialnia-t.jpg\" title=\"sypialnia\" width=\"1920\" height=\"1280\" class=\"rev-slidebg tp-rs-img\" data-bg=\"p:20% 60%;\" data-no-retina>\n<!--\n\t\t\t\t\t\t\t--><rs-layer\n\t\t\t\t\t\t\t\tid=\"slider-1-slide-8-layer-1\" \n\t\t\t\t\t\t\t\tdata-type=\"shape\"\n\t\t\t\t\t\t\t\tdata-rsp_ch=\"on\"\n\t\t\t\t\t\t\t\tdata-text=\"w:normal;s:20,16,12,7;l:0,20,15,9;\"\n\t\t\t\t\t\t\t\tdata-dim=\"w:100%;h:100%;\"\n\t\t\t\t\t\t\t\tdata-basealign=\"slide\"\n\t\t\t\t\t\t\t\tdata-frame_999=\"o:0;st:w;\"\n\t\t\t\t\t\t\t\tstyle=\"z-index:7;background-color:rgba(0,0,0,0.5);\"\n\t\t\t\t\t\t\t> \n\t\t\t\t\t\t\t<\/rs-layer><!--\n\n\t\t\t\t\t\t\t--><h2\n\t\t\t\t\t\t\t\tid=\"slider-1-slide-8-layer-4\" \n\t\t\t\t\t\t\t\tclass=\"rs-layer\"\n\t\t\t\t\t\t\t\tdata-type=\"text\"\n\t\t\t\t\t\t\t\tdata-color=\"#ed008f\"\n\t\t\t\t\t\t\t\tdata-tsh=\"c:#ffffff;b:40px,33px,25px,15px;\"\n\t\t\t\t\t\t\t\tdata-rsp_ch=\"on\"\n\t\t\t\t\t\t\t\tdata-xy=\"x:c;xo:0,0,0,-2px;y:m,t,t,t;yo:1px,200px,200px,200px;\"\n\t\t\t\t\t\t\t\tdata-text=\"w:normal;s:50;l:56;fw:300;a:center;\"\n\t\t\t\t\t\t\t\tdata-padding=\"t:5,4,3,2;r:12,10,8,5;b:5,4,3,2;l:12,10,8,5;\"\n\t\t\t\t\t\t\t\tdata-border=\"bos:solid;boc:#ffffff;bow:1px,1px,1px,1px;\"\n\t\t\t\t\t\t\t\tdata-frame_1=\"st:500;sp:500;\"\n\t\t\t\t\t\t\t\tdata-frame_999=\"o:0;st:w;\"\n\t\t\t\t\t\t\t\tstyle=\"z-index:9;background-color:rgba(255,255,255,0.65);font-family:Montserrat;\"\n\t\t\t\t\t\t\t>Meble<br \/>do sypialni \n\t\t\t\t\t\t\t<\/h2><!--\n-->\t\t\t\t\t\t<\/rs-slide>\n\t\t\t\t\t<\/rs-slides>\n\t\t\t\t<\/rs-module>\n\t\t\t\t<script type=\"text\/javascript\">\n\t\t\t\t\tsetREVStartSize({c: 'rev_slider_1_1',rl:[1240,1024,778,480],el:[800,768,960,720],gw:[1240,1024,778,480],gh:[800,768,960,720],type:'standard',justify:'',layout:'fullwidth',mh:\"0\"});\n\t\t\t\t\tvar\trevapi1,\n\t\t\t\t\t\ttpj;\n\t\t\t\t\tfunction revinit_revslider11() {\n\t\t\t\t\tjQuery(function() {\n\t\t\t\t\t\ttpj = jQuery;\n\t\t\t\t\t\trevapi1 = tpj(\"#rev_slider_1_1\");\n\t\t\t\t\t\tif(revapi1==undefined || revapi1.revolution == undefined){\n\t\t\t\t\t\t\trevslider_showDoubleJqueryError(\"rev_slider_1_1\");\n\t\t\t\t\t\t}else{\n\t\t\t\t\t\t\trevapi1.revolution({\n\t\t\t\t\t\t\t\tDPR:\"dpr\",\n\t\t\t\t\t\t\t\tsliderLayout:\"fullwidth\",\n\t\t\t\t\t\t\t\tduration:\"3500ms\",\n\t\t\t\t\t\t\t\tvisibilityLevels:\"1240,1024,778,480\",\n\t\t\t\t\t\t\t\tgridwidth:\"1240,1024,778,480\",\n\t\t\t\t\t\t\t\tgridheight:\"800,768,960,720\",\n\t\t\t\t\t\t\t\tperspective:600,\n\t\t\t\t\t\t\t\tperspectiveType:\"global\",\n\t\t\t\t\t\t\t\teditorheight:\"800,768,960,720\",\n\t\t\t\t\t\t\t\tresponsiveLevels:\"1240,1024,778,480\",\n\t\t\t\t\t\t\t\tprogressBar: {\n\t\t\t\t\t\t\t\t\tsize:5,\n\t\t\t\t\t\t\t\t\tx:0,\n\t\t\t\t\t\t\t\t\ty:0\n\t\t\t\t\t\t\t\t},\n\t\t\t\t\t\t\t\tnavigation: {\n\t\t\t\t\t\t\t\t\twheelCallDelay:1000,\n\t\t\t\t\t\t\t\t\tonHoverStop:false,\n\t\t\t\t\t\t\t\t\tarrows: {\n\t\t\t\t\t\t\t\t\t\tenable:true,\n\t\t\t\t\t\t\t\t\t\tstyle:\"hesperiden\",\n\t\t\t\t\t\t\t\t\t\tleft: {\n\t\t\t\t\t\t\t\t\t\t\th_offset:30\n\t\t\t\t\t\t\t\t\t\t},\n\t\t\t\t\t\t\t\t\t\tright: {\n\t\t\t\t\t\t\t\t\t\t\th_offset:30\n\t\t\t\t\t\t\t\t\t\t}\n\t\t\t\t\t\t\t\t\t},\n\t\t\t\t\t\t\t\t\tbullets: {\n\t\t\t\t\t\t\t\t\t\tenable:true,\n\t\t\t\t\t\t\t\t\t\ttmp:\"\",\n\t\t\t\t\t\t\t\t\t\tstyle:\"hermes\"\n\t\t\t\t\t\t\t\t\t}\n\t\t\t\t\t\t\t\t},\n\t\t\t\t\t\t\t\tfallbacks: {\n\t\t\t\t\t\t\t\t\tallowHTML5AutoPlayOnAndroid:true\n\t\t\t\t\t\t\t\t},\n\t\t\t\t\t\t\t});\n\t\t\t\t\t\t}\n\t\t\t\t\t\t\n\t\t\t\t\t});\n\t\t\t\t\t} \/\/ End of RevInitScript\n\t\t\t\tvar once_revslider11 = false;\n\t\t\t\tif (document.readyState === \"loading\") {document.addEventListener('readystatechange',function() { if((document.readyState === \"interactive\" || document.readyState === \"complete\") && !once_revslider11 ) { once_revslider11 = true; revinit_revslider11();}});} else {once_revslider11 = true; revinit_revslider11();}\n\t\t\t\t<\/script>\n\t\t\t\t<script>\n\t\t\t\t\tvar htmlDivCss = unescape(\"%23rev_slider_1_1_wrapper%20.hesperiden.tparrows%20%7B%0A%09cursor%3Apointer%3B%0A%09background%3Argba%280%2C0%2C0%2C0.5%29%3B%0A%09width%3A40px%3B%0A%09height%3A40px%3B%0A%09position%3Aabsolute%3B%0A%09display%3Ablock%3B%0A%09z-index%3A1000%3B%0A%20%20%20%20border-radius%3A%2050%25%3B%0A%7D%0A%23rev_slider_1_1_wrapper%20.hesperiden.tparrows%3Ahover%20%7B%0A%09background%3A%23000000%3B%0A%7D%0A%23rev_slider_1_1_wrapper%20.hesperiden.tparrows%3Abefore%20%7B%0A%09font-family%3A%20%27revicons%27%3B%0A%09font-size%3A20px%3B%0A%09color%3A%23ffffff%3B%0A%09display%3Ablock%3B%0A%09line-height%3A%2040px%3B%0A%09text-align%3A%20center%3B%0A%7D%0A%23rev_slider_1_1_wrapper%20.hesperiden.tparrows.tp-leftarrow%3Abefore%20%7B%0A%09content%3A%20%27%5Ce82c%27%3B%0A%20%20%20%20margin-left%3A-3px%3B%0A%7D%0A%23rev_slider_1_1_wrapper%20.hesperiden.tparrows.tp-rightarrow%3Abefore%20%7B%0A%09content%3A%20%27%5Ce82d%27%3B%0A%20%20%20%20margin-right%3A-3px%3B%0A%7D%0A%23rev_slider_1_1_wrapper%20.hermes.tp-bullets%20%7B%0A%7D%0A%0A%23rev_slider_1_1_wrapper%20.hermes%20.tp-bullet%20%7B%0A%20%20%20%20overflow%3Ahidden%3B%0A%20%20%20%20border-radius%3A50%25%3B%0A%20%20%20%20width%3A16px%3B%0A%20%20%20%20height%3A16px%3B%0A%20%20%20%20background-color%3A%20rgba%280%2C%200%2C%200%2C%200%29%3B%0A%20%20%20%20box-shadow%3A%20inset%200%200%200%202px%20%23ffffff%3B%0A%20%20%20%20-webkit-transition%3A%20background%200.3s%20ease%3B%0A%20%20%20%20transition%3A%20background%200.3s%20ease%3B%0A%20%20%20%20position%3Aabsolute%3B%0A%7D%0A%0A%23rev_slider_1_1_wrapper%20.hermes%20.tp-bullet%3Ahover%20%7B%0A%09%20%20background-color%3A%20rgba%280%2C0%2C0%2C0.21%29%3B%0A%7D%0A%23rev_slider_1_1_wrapper%20.hermes%20.tp-bullet%3Aafter%20%7B%0A%20%20content%3A%20%27%20%27%3B%0A%20%20position%3A%20absolute%3B%0A%20%20bottom%3A%200%3B%0A%20%20height%3A%200%3B%0A%20%20left%3A%200%3B%0A%20%20width%3A%20100%25%3B%0A%20%20background-color%3A%20%23ffffff%3B%0A%20%20box-shadow%3A%200%200%201px%20%23ffffff%3B%0A%20%20-webkit-transition%3A%20height%200.3s%20ease%3B%0A%20%20transition%3A%20height%200.3s%20ease%3B%0A%7D%0A%23rev_slider_1_1_wrapper%20.hermes%20.tp-bullet.selected%3Aafter%20%7B%0A%20%20height%3A100%25%3B%0A%7D%0A%0A\");\n\t\t\t\t\tvar htmlDiv = document.getElementById('rs-plugin-settings-inline-css');\n\t\t\t\t\tif(htmlDiv) {\n\t\t\t\t\t\thtmlDiv.innerHTML = htmlDiv.innerHTML + htmlDivCss;\n\t\t\t\t\t}else{\n\t\t\t\t\t\tvar htmlDiv = document.createElement('div');\n\t\t\t\t\t\thtmlDiv.innerHTML = '<style>' + htmlDivCss + '<\/style>';\n\t\t\t\t\t\tdocument.getElementsByTagName('head')[0].appendChild(htmlDiv.childNodes[0]);\n\t\t\t\t\t}\n\t\t\t\t<\/script>\n\t\t\t\t<script>\n\t\t\t\t\tvar htmlDivCss = unescape(\"%0A%0A%0A%0A%0A%0A%0A%0A%0A%0A\");\n\t\t\t\t\tvar htmlDiv = document.getElementById('rs-plugin-settings-inline-css');\n\t\t\t\t\tif(htmlDiv) {\n\t\t\t\t\t\thtmlDiv.innerHTML = htmlDiv.innerHTML + htmlDivCss;\n\t\t\t\t\t}else{\n\t\t\t\t\t\tvar htmlDiv = document.createElement('div');\n\t\t\t\t\t\thtmlDiv.innerHTML = '<style>' + htmlDivCss + '<\/style>';\n\t\t\t\t\t\tdocument.getElementsByTagName('head')[0].appendChild(htmlDiv.childNodes[0]);\n\t\t\t\t\t}\n\t\t\t\t<\/script>\n\t\t\t<\/rs-module-wrap>\n\t\t\t<!-- END REVOLUTION SLIDER -->\n[\/vc_column][\/vc_row][vc_row css=&#8221;.vc_custom_1495700887685{padding-top: 90px !important;padding-bottom: 60px !important;}&#8221;][vc_column animate=&#8221;fadeinup&#8221;]\n\t<!-- Element: OT Heading --> \t \n\t<h1 class=\"ot_custom_heading  \" style=\"text-align: center;\" >Meble na wymiar<\/h1>\t\n\t<!-- Element: OT Line solid --> \t \n\t<div class=\" separator \"><span><i class=\"fa fa-circle\"><\/i><\/span><\/div>\n\t<div class=\"spacer-single\"><\/div>\t      \n[vc_column_text]<\/p>\n<p style=\"text-align: center;\"><strong>Producent mebli na wymiar Grabowy Design<\/strong> z Ostrowi Mazowieckiej.<br \/>\nW naszej ofercie znajduj\u0105 si\u0119 <strong>meble do wn\u0119trz domowych i komercyjnych<\/strong>, wykonywane na indywidualne zam\u00f3wienie. Produkujemy <strong>nowoczesne meble do salonu i sypialni<\/strong>, a tak\u017ce meble kuchenne i \u0142azienkowe. Gwarantujemy bogactwo stylu, przystaj\u0105ce do gust\u00f3w najbardziej wymagaj\u0105cego Klienta.<\/p>\n<p style=\"text-align: center;\">Znajd\u0105 u nas Pa\u0144stwo\u00a0<strong>meble i panele z forniru, meble w stylu angielskim<\/strong>\u00a0i wiele innych.<br \/>\nW sk\u0142ad naszych aran\u017cacji wchodz\u0105\u00a0<strong>szafy, garderoby, lady oraz rega\u0142y magazynowe<\/strong>, inspirowane indywidualnymi potrzebami. Pa\u0144stwa zadowolenie jest najwa\u017cniejsze, dlatego ka\u017cdy wytworzony przez nas produkt cechuje najwy\u017csza jako\u015b\u0107 oraz pieczo\u0142owito\u015b\u0107 projektancka, za kt\u00f3r\u0105 stoi wieloletnie do\u015bwiadczenie. Projekty wykonujemy w profesjonalnym programie, co pozwala nam uzyska\u0107 efekt naturalnej wizualizacji pomieszcze\u0144. <strong>Zapewniamy konkurencyjne ceny.<\/strong><\/p>\n<p style=\"text-align: center;\"><strong>SPRZ\u0118T AGD<br \/>\n<\/strong>Za naszym po\u015brednictwem mo\u017cecie Pa\u0144stwo tak\u017ce dokona\u0107 <strong>zakupu sprz\u0119tu AGD<\/strong> do wyposa\u017cenia kuchni. Realizujemy w\u00f3wczas kompleksow\u0105 us\u0142ug\u0119 monta\u017cu mebli i sprz\u0119tu AGD.<br \/>\nBERG, WELLINGTON, AVINTAGE, BOSCH, SIEMENS, BEKO, ELICA, SAMSUNG, ELECTROLUX, AEG, AMICA, HOOVER, PEKA, GRUNDIG, LIEBHERR, WHIRPOOL<\/p>\n<p style=\"text-align: center;\"><strong>MO\u017bLIWO\u015a\u0106 DOGODNEDO KREDYTOWANIA<br \/>\n<\/strong>Dla Pa\u0144stwa wygody oferujemy system ratalny dopasowany do ka\u017cdego klienta, dzi\u0119ki kt\u00f3remu mog\u0105 Pa\u0144stwo zap\u0142aci\u0107 za swoje meble <strong>w wygodnych ratach,<\/strong> dostosowanych do aktualnych finansowych mo\u017cliwo\u015bci, bez obci\u0105\u017cania domowego bud\u017cetu.<\/p>\n<p>[\/vc_column_text][\/vc_column][vc_column width=&#8221;1\/3&#8243; animate=&#8221;fadeinleft&#8221;]\n\t<!-- Element: OT Heading --> \t \n\t<h3 class=\"ot_custom_heading  \" style=\"text-align: center;\" ><a href=\"\/nasza-oferta\" title=\"\" target=\"_self\"><b>Meble do kuchni, \u0142azienki, salonu, sypialni<\/b><\/a><\/h3>\t\n[vc_column_text css=&#8221;.vc_custom_1623919560120{margin-bottom: 30px !important;}&#8221;]<\/p>\n<p style=\"text-align: center;\">Wysoka jako\u015b\u0107 u\u017cytych materia\u0142\u00f3w umo\u017cliwia stworzenie mebli kt\u00f3rymi b\u0119d\u0105 si\u0119 Pa\u0144stwo cieszy\u0107 przez d\u0142ugie lata. Praktyczne rozwi\u0105zania zapewniaj\u0105ce funkcjonalno\u015b\u0107&#8230;<\/p>\n<p>[\/vc_column_text][vc_single_image image=&#8221;1489&#8243; img_size=&#8221;full&#8221; onclick=&#8221;custom_link&#8221; link=&#8221;\/nasza-oferta&#8221;][\/vc_column][vc_column width=&#8221;1\/3&#8243; animate=&#8221;fadeinup&#8221;]\n\t<!-- Element: OT Heading --> \t \n\t<h3 class=\"ot_custom_heading  \" style=\"text-align: center;\" ><a href=\"\/nasza-oferta\" title=\"\" target=\"_self\"><b>Garderoby, szafy, zabudowy wn\u0119k i skos\u00f3w<\/b><\/a><\/h3>\t\n[vc_column_text css=&#8221;.vc_custom_1623919564795{margin-bottom: 30px !important;}&#8221;]<\/p>\n<p style=\"text-align: center;\">Oferujemy szeroki zakres rozwi\u0105za\u0144 do funkcjonalnego zagospodarowania przestrzeni, odpowiadaj\u0105cej Pa\u0144stwa potrzebom. Posiadamy bogat\u0105 ofert\u0119 materia\u0142\u00f3w&#8230;<\/p>\n<p>[\/vc_column_text][vc_single_image image=&#8221;1664&#8243; img_size=&#8221;full&#8221; onclick=&#8221;custom_link&#8221; link=&#8221;\/nasza-oferta&#8221;][\/vc_column][vc_column width=&#8221;1\/3&#8243; animate=&#8221;fadinright&#8221;]\n\t<!-- Element: OT Heading --> \t \n\t<h3 class=\"ot_custom_heading  \" style=\"text-align: center;\" ><a href=\"\/nasza-oferta\" title=\"\" target=\"_self\"><b>Realizacje komercyjne i inne<\/b><\/a><\/h3>\t\n[vc_column_text css=&#8221;.vc_custom_1623919602861{margin-bottom: 30px !important;}&#8221;]<\/p>\n<p style=\"text-align: center;\">Naszym celem jest kreowanie przestrzeni funkcjonalnej o estetyce dobranej do potrzeb najbardziej wymagaj\u0105cych klient\u00f3w&#8230;<\/p>\n<p>[\/vc_column_text][vc_single_image image=&#8221;1673&#8243; img_size=&#8221;full&#8221; onclick=&#8221;custom_link&#8221; link=&#8221;\/nasza-oferta&#8221;][\/vc_column][\/vc_row][vc_row css=&#8221;.vc_custom_1620294214880{padding-top: 90px !important;padding-bottom: 90px !important;background-image: url(https:\/\/grabowymeble.pl\/wp-content\/uploads\/2021\/05\/jak-dzialamy2.jpg?id=1431) !important;background-position: center !important;background-repeat: no-repeat !important;background-size: cover !important;}&#8221; el_class=&#8221;text-light bg-fixed&#8221;][vc_column]\n\t<!-- Element: OT Heading --> \t \n\t<h2 class=\"ot_custom_heading  \" style=\"text-align: center;color: #ffffff;\" >Jak dzia\u0142amy<\/h2>\t\n\t<!-- Element: OT Line solid --> \t \n\t<div class=\" separator \"><span><i class=\"fa fa-circle\"><\/i><\/span><\/div>\n\t<div class=\"spacer-single\"><\/div>\t      \n[\/vc_column][vc_column]\n\t<!-- Element: OT Process -->\n    <div class=\"de_tab tab_steps tab_4 proces-styles \">\n        <ul class=\"de_nav process-circle-textonly\">\n\t        \t            <li class=\"active wow fadeIn \" data-wow-delay=\"0.4s\">\n\t            \t<span class=\"content-mid\">\n\t            \t\t<div class=\"inner\">\t\t\n\t            \t\t\tPomiar\t            \t\t<\/div>\n\t            \t<\/span>\t\t        \n\t\t            <div class=\"v-border\"><\/div>\n\t            <\/li>\n\t            \n\t        \t            <li class=\" wow fadeIn \" data-wow-delay=\"0.8s\">\n\t            \t<span class=\"content-mid\">\n\t            \t\t<div class=\"inner\">\t\t\n\t            \t\t\tWykonanie projektu\t            \t\t<\/div>\n\t            \t<\/span>\t\t        \n\t\t            <div class=\"v-border\"><\/div>\n\t            <\/li>\n\t            \n\t        \t            <li class=\" wow fadeIn \" data-wow-delay=\"1.2s\">\n\t            \t<span class=\"content-mid\">\n\t            \t\t<div class=\"inner\">\t\t\n\t            \t\t\tWycena\t            \t\t<\/div>\n\t            \t<\/span>\t\t        \n\t\t            <div class=\"v-border\"><\/div>\n\t            <\/li>\n\t            \n\t        \t            <li class=\" wow fadeIn \" data-wow-delay=\"1.6s\">\n\t            \t<span class=\"content-mid\">\n\t            \t\t<div class=\"inner\">\t\t\n\t            \t\t\tProdukcja i monta\u017c\t            \t\t<\/div>\n\t            \t<\/span>\t\t        \n\t\t            <div class=\"v-border\"><\/div>\n\t            <\/li>\n\t            \n\t                <\/ul>\n\n        <div class=\"de_tab_content\">\n\t        \t            <div id=\"tab-615\" class=\"de_tab_content_inner\">\n\t                <p>Nasi projektanci dojad\u0105 do Pa\u0144stwa lokalu w celu ustalenia warunk\u00f3w wsp\u00f3\u0142pracy.<br \/>\nPomiaru pomieszczenia, om\u00f3wienia preferencji zabudowy i wst\u0119pnego uk\u0142adu zabudowy.<br \/>\nJak r\u00f3wnie\u017c wyboru materia\u0142\u00f3w i wyposa\u017cenia.<\/p>\n\t            <\/div>\n\t        \t            <div id=\"tab-616\" class=\"de_tab_content_inner\">\n\t                <p>Projekt wykonujemy w profesjonalnym programie, co pozwala nam uzyska\u0107 efekt naturalnej wizualizacji, kt\u00f3ra w du\u017cym stopniu u\u0142atwi Pa\u0144stwu podj\u0119cie decyzji dotycz\u0105cej wygl\u0105du i funkcjonalno\u015bci mebli.<\/p>\n\t            <\/div>\n\t        \t            <div id=\"tab-617\" class=\"de_tab_content_inner\">\n\t                <p>Ca\u0142kowity koszt zabudowy obejmuje wykonanie, transport z wniesieniem do lokalu i monta\u017c zabudowy.<br \/>\nW przypadku pe\u0142nej satysfakcji z projektu i wyceny podpisujemy umow\u0119 dotycz\u0105c\u0105 zakupu mebli, specyfikacji materia\u0142owej oraz terminu monta\u017cu.<\/p>\n\t            <\/div>\n\t        \t            <div id=\"tab-618\" class=\"de_tab_content_inner\">\n\t                <p>Profesjonalny park maszyn i zesp\u00f3\u0142 profesjonalist\u00f3w wykona Pa\u0144stwa meble.<br \/>\nDo\u015bwiadczeni monta\u017cy\u015bci zadbaj\u0105 o najwy\u017csz\u0105 jako\u015b\u0107 monta\u017cu mebli.<\/p>\n\t            <\/div>\n\t                <\/div>\n    <\/div>\n\n[\/vc_column][\/vc_row][vc_row disable_element=&#8221;yes&#8221; fullwidth=&#8221;yes&#8221;][vc_column]  \n\n\t<!-- Element: OT Portfolio Filter -->\n\t<div class=\"projects-grid-wrapper\">\n\t\t\t\t\t<div class=\"container\">\n\t\t    \t<!-- portfolio filter begin -->\n\t\t\t    <div class=\"row\">\n\t\t\t        <div class=\"col-md-12 text-center\">\n\t\t\t            <ul id=\"filter\" class=\"project_filters wow fadeInUp listed_taxonomy_filters\" data-wow-delay=\"0s\">\n\t\t\t            \t<li><a href=\"#\" data-filter=\"*\" class=\"selected\">Wszystkie<\/a><\/li>                    \n\t\t\t                <li class=\"cate_parent\"><a href=\"#\" data-filter=\".category-\"><\/a><ul><li><a href=\"#\" data-filter=\".category-\"><\/a><\/li><li><a href=\"#\" data-filter=\".category-\"><\/a><\/li><\/ul><\/li><li class=\"cate_parent\"><a href=\"#\" data-filter=\".category-\"><\/a><ul><li><a href=\"#\" data-filter=\".category-\"><\/a><\/li><li><a href=\"#\" data-filter=\".category-\"><\/a><\/li><\/ul><\/li>                    \n\t\t\t            <\/ul>\n\t\t\t        <\/div>\n\t\t\t    <\/div>\n\t\t    \t<!-- portfolio filter close -->\n\t\t    <\/div>\n\t    \n\t    <div class=\"projects-grid projects-load-ajax overlay_s1  pf_4_cols\" style=\"margin: -0px 0px\">\n\t    \t<div class=\"project-item-sizer\"><\/div>\n\t                     \n\t        <!-- gallery item -->\n\t        <div class=\"project-item \" style=\"padding:0px\">\n\t        \t<div class=\"projects-box\">\n\t\t\t\t\t<div class=\"projects-thumbnail\">\n\t\t\t\t\t\t<img width=\"700\" height=\"466\" src=\"https:\/\/grabowymeble.pl\/wp-content\/uploads\/2015\/07\/pf-1.jpg\" class=\"attachment-thumb-portfolio size-thumb-portfolio wp-post-image\" alt=\"\" decoding=\"async\" loading=\"lazy\" srcset=\"https:\/\/grabowymeble.pl\/wp-content\/uploads\/2015\/07\/pf-1.jpg 700w, https:\/\/grabowymeble.pl\/wp-content\/uploads\/2015\/07\/pf-1-300x200.jpg 300w\" sizes=\"(max-width: 700px) 100vw, 700px\" title=\"pf (1)\" \/>\t\t\t\t\t<\/div>\t\t\t\t\t\t\t\n\t\t\t\t\t<a class=\"single-ajax-popup\" href=\"https:\/\/grabowymeble.pl\/?p=50\">\n\t\t\t\t\t\t<span class=\"project-overlay\">\n\t\t\t\t\t\t\t<span class=\"project-name id-color\">Realizacja 1<\/span>\t\n\t\t\t\t\t\t<\/span>\n\t\t\t\t\t<\/a>\t\n\t\t\t\t<\/div>\n\t        <\/div>        \n\t        <!-- close gallery item -->\n\t                     \n\t        <!-- gallery item -->\n\t        <div class=\"project-item \" style=\"padding:0px\">\n\t        \t<div class=\"projects-box\">\n\t\t\t\t\t<div class=\"projects-thumbnail\">\n\t\t\t\t\t\t<img width=\"700\" height=\"466\" src=\"https:\/\/grabowymeble.pl\/wp-content\/uploads\/2015\/07\/pf-2.jpg\" class=\"attachment-thumb-portfolio size-thumb-portfolio wp-post-image\" alt=\"\" decoding=\"async\" loading=\"lazy\" srcset=\"https:\/\/grabowymeble.pl\/wp-content\/uploads\/2015\/07\/pf-2.jpg 700w, https:\/\/grabowymeble.pl\/wp-content\/uploads\/2015\/07\/pf-2-300x200.jpg 300w\" sizes=\"(max-width: 700px) 100vw, 700px\" title=\"pf (2)\" \/>\t\t\t\t\t<\/div>\t\t\t\t\t\t\t\n\t\t\t\t\t<a class=\"single-ajax-popup\" href=\"https:\/\/grabowymeble.pl\/?p=52\">\n\t\t\t\t\t\t<span class=\"project-overlay\">\n\t\t\t\t\t\t\t<span class=\"project-name id-color\">Realizacja 2<\/span>\t\n\t\t\t\t\t\t<\/span>\n\t\t\t\t\t<\/a>\t\n\t\t\t\t<\/div>\n\t        <\/div>        \n\t        <!-- close gallery item -->\n\t                     \n\t        <!-- gallery item -->\n\t        <div class=\"project-item \" style=\"padding:0px\">\n\t        \t<div class=\"projects-box\">\n\t\t\t\t\t<div class=\"projects-thumbnail\">\n\t\t\t\t\t\t<img width=\"700\" height=\"466\" src=\"https:\/\/grabowymeble.pl\/wp-content\/uploads\/2015\/07\/pf-3.jpg\" class=\"attachment-thumb-portfolio size-thumb-portfolio wp-post-image\" alt=\"\" decoding=\"async\" loading=\"lazy\" srcset=\"https:\/\/grabowymeble.pl\/wp-content\/uploads\/2015\/07\/pf-3.jpg 700w, https:\/\/grabowymeble.pl\/wp-content\/uploads\/2015\/07\/pf-3-300x200.jpg 300w\" sizes=\"(max-width: 700px) 100vw, 700px\" title=\"pf (3)\" \/>\t\t\t\t\t<\/div>\t\t\t\t\t\t\t\n\t\t\t\t\t<a class=\"single-ajax-popup\" href=\"https:\/\/grabowymeble.pl\/?p=54\">\n\t\t\t\t\t\t<span class=\"project-overlay\">\n\t\t\t\t\t\t\t<span class=\"project-name id-color\">Realizacja 3<\/span>\t\n\t\t\t\t\t\t<\/span>\n\t\t\t\t\t<\/a>\t\n\t\t\t\t<\/div>\n\t        <\/div>        \n\t        <!-- close gallery item -->\n\t                     \n\t        <!-- gallery item -->\n\t        <div class=\"project-item \" style=\"padding:0px\">\n\t        \t<div class=\"projects-box\">\n\t\t\t\t\t<div class=\"projects-thumbnail\">\n\t\t\t\t\t\t<img width=\"700\" height=\"466\" src=\"https:\/\/grabowymeble.pl\/wp-content\/uploads\/2015\/07\/pf-4.jpg\" class=\"attachment-thumb-portfolio size-thumb-portfolio wp-post-image\" alt=\"\" decoding=\"async\" loading=\"lazy\" srcset=\"https:\/\/grabowymeble.pl\/wp-content\/uploads\/2015\/07\/pf-4.jpg 700w, https:\/\/grabowymeble.pl\/wp-content\/uploads\/2015\/07\/pf-4-300x200.jpg 300w\" sizes=\"(max-width: 700px) 100vw, 700px\" title=\"pf (4)\" \/>\t\t\t\t\t<\/div>\t\t\t\t\t\t\t\n\t\t\t\t\t<a class=\"single-ajax-popup\" href=\"https:\/\/grabowymeble.pl\/?p=56\">\n\t\t\t\t\t\t<span class=\"project-overlay\">\n\t\t\t\t\t\t\t<span class=\"project-name id-color\">Realizacja 4<\/span>\t\n\t\t\t\t\t\t<\/span>\n\t\t\t\t\t<\/a>\t\n\t\t\t\t<\/div>\n\t        <\/div>        \n\t        <!-- close gallery item -->\n\t                     \n\t        <!-- gallery item -->\n\t        <div class=\"project-item \" style=\"padding:0px\">\n\t        \t<div class=\"projects-box\">\n\t\t\t\t\t<div class=\"projects-thumbnail\">\n\t\t\t\t\t\t<img width=\"700\" height=\"466\" src=\"https:\/\/grabowymeble.pl\/wp-content\/uploads\/2015\/07\/pf-5.jpg\" class=\"attachment-thumb-portfolio size-thumb-portfolio wp-post-image\" alt=\"\" decoding=\"async\" loading=\"lazy\" srcset=\"https:\/\/grabowymeble.pl\/wp-content\/uploads\/2015\/07\/pf-5.jpg 700w, https:\/\/grabowymeble.pl\/wp-content\/uploads\/2015\/07\/pf-5-300x200.jpg 300w\" sizes=\"(max-width: 700px) 100vw, 700px\" title=\"pf (5)\" \/>\t\t\t\t\t<\/div>\t\t\t\t\t\t\t\n\t\t\t\t\t<a class=\"single-ajax-popup\" href=\"https:\/\/grabowymeble.pl\/?p=58\">\n\t\t\t\t\t\t<span class=\"project-overlay\">\n\t\t\t\t\t\t\t<span class=\"project-name id-color\">Realizacja 5<\/span>\t\n\t\t\t\t\t\t<\/span>\n\t\t\t\t\t<\/a>\t\n\t\t\t\t<\/div>\n\t        <\/div>        \n\t        <!-- close gallery item -->\n\t                     \n\t        <!-- gallery item -->\n\t        <div class=\"project-item \" style=\"padding:0px\">\n\t        \t<div class=\"projects-box\">\n\t\t\t\t\t<div class=\"projects-thumbnail\">\n\t\t\t\t\t\t<img width=\"700\" height=\"466\" src=\"https:\/\/grabowymeble.pl\/wp-content\/uploads\/2015\/07\/pf-6.jpg\" class=\"attachment-thumb-portfolio size-thumb-portfolio wp-post-image\" alt=\"\" decoding=\"async\" loading=\"lazy\" srcset=\"https:\/\/grabowymeble.pl\/wp-content\/uploads\/2015\/07\/pf-6.jpg 700w, https:\/\/grabowymeble.pl\/wp-content\/uploads\/2015\/07\/pf-6-300x200.jpg 300w\" sizes=\"(max-width: 700px) 100vw, 700px\" title=\"pf (6)\" \/>\t\t\t\t\t<\/div>\t\t\t\t\t\t\t\n\t\t\t\t\t<a class=\"single-ajax-popup\" href=\"https:\/\/grabowymeble.pl\/?p=60\">\n\t\t\t\t\t\t<span class=\"project-overlay\">\n\t\t\t\t\t\t\t<span class=\"project-name id-color\">Realizacja 6<\/span>\t\n\t\t\t\t\t\t<\/span>\n\t\t\t\t\t<\/a>\t\n\t\t\t\t<\/div>\n\t        <\/div>        \n\t        <!-- close gallery item -->\n\t                     \n\t        <!-- gallery item -->\n\t        <div class=\"project-item \" style=\"padding:0px\">\n\t        \t<div class=\"projects-box\">\n\t\t\t\t\t<div class=\"projects-thumbnail\">\n\t\t\t\t\t\t<img width=\"700\" height=\"466\" src=\"https:\/\/grabowymeble.pl\/wp-content\/uploads\/2015\/07\/pf-7.jpg\" class=\"attachment-thumb-portfolio size-thumb-portfolio wp-post-image\" alt=\"\" decoding=\"async\" loading=\"lazy\" srcset=\"https:\/\/grabowymeble.pl\/wp-content\/uploads\/2015\/07\/pf-7.jpg 700w, https:\/\/grabowymeble.pl\/wp-content\/uploads\/2015\/07\/pf-7-300x200.jpg 300w\" sizes=\"(max-width: 700px) 100vw, 700px\" title=\"pf (7)\" \/>\t\t\t\t\t<\/div>\t\t\t\t\t\t\t\n\t\t\t\t\t<a class=\"single-ajax-popup\" href=\"https:\/\/grabowymeble.pl\/?p=62\">\n\t\t\t\t\t\t<span class=\"project-overlay\">\n\t\t\t\t\t\t\t<span class=\"project-name id-color\">Realizacja 7<\/span>\t\n\t\t\t\t\t\t<\/span>\n\t\t\t\t\t<\/a>\t\n\t\t\t\t<\/div>\n\t        <\/div>        \n\t        <!-- close gallery item -->\n\t                     \n\t        <!-- gallery item -->\n\t        <div class=\"project-item \" style=\"padding:0px\">\n\t        \t<div class=\"projects-box\">\n\t\t\t\t\t<div class=\"projects-thumbnail\">\n\t\t\t\t\t\t<img width=\"700\" height=\"466\" src=\"https:\/\/grabowymeble.pl\/wp-content\/uploads\/2015\/07\/pf-8.jpg\" class=\"attachment-thumb-portfolio size-thumb-portfolio wp-post-image\" alt=\"\" decoding=\"async\" loading=\"lazy\" srcset=\"https:\/\/grabowymeble.pl\/wp-content\/uploads\/2015\/07\/pf-8.jpg 700w, https:\/\/grabowymeble.pl\/wp-content\/uploads\/2015\/07\/pf-8-300x200.jpg 300w\" sizes=\"(max-width: 700px) 100vw, 700px\" title=\"pf (8)\" \/>\t\t\t\t\t<\/div>\t\t\t\t\t\t\t\n\t\t\t\t\t<a class=\"single-ajax-popup\" href=\"https:\/\/grabowymeble.pl\/?p=64\">\n\t\t\t\t\t\t<span class=\"project-overlay\">\n\t\t\t\t\t\t\t<span class=\"project-name id-color\">Realizacja 8<\/span>\t\n\t\t\t\t\t\t<\/span>\n\t\t\t\t\t<\/a>\t\n\t\t\t\t<\/div>\n\t        <\/div>        \n\t        <!-- close gallery item -->\n\t        \t    <\/div>\n\t    \t    \t<\/div>\n[\/vc_column][\/vc_row][vc_row equal_height=&#8221;yes&#8221; disable_element=&#8221;yes&#8221; fullwidth=&#8221;yes&#8221; archi_fullheight=&#8221;yes&#8221;][vc_column width=&#8221;1\/2&#8243; css=&#8221;.vc_custom_1622019410754{background-image: url(https:\/\/grabowymeble.pl\/wp-content\/uploads\/2021\/05\/14424956_338724899804909_8353869227958547679_o.jpg?id=1597) !important;}&#8221;][\/vc_column][vc_column width=&#8221;1\/2&#8243;][vc_custom_heading text=&#8221;Szafy, gaderoby, zabudowy wn\u0119k&#8221; google_fonts=&#8221;font_family:Montserrat%3Aregular%2C700|font_style:400%20regular%3A400%3Anormal&#8221; link=&#8221;url:%2Fgaleria%2Fszafy-gaderoby-zabudowy-wnek%2F|title:Szafy%2C%20gaderoby%2C%20zabudowy%20wn%C4%99k&#8221;][vc_empty_space height=&#8221;30px&#8221;][vc_column_text]<\/p>\n<p>I am text block. Click edit button to change this text. Lorem ipsum dolor sit amet, consectetur adipiscing elit. Ut elit tellus, luctus nec ullamcorper mattis, pulvinar dapibus leo.<\/p>\n<p>[\/vc_column_text][vc_btn title=&#8221;Zobacz galeri\u0119&#8221; link=&#8221;url:%2Fgaleria%2Fszafy-gaderoby-zabudowy-wnek%2F|title:Szafy%2C%20gaderoby%2C%20zabudowy%20wn%C4%99k&#8221;][\/vc_column][\/vc_row][vc_row fullwidth=&#8221;yes&#8221; css=&#8221;.vc_custom_1622032021944{margin-bottom: -30px !important;}&#8221;][vc_column][vc_empty_space height=&#8221;50&#8243;]\n\t<!-- Element: OT Heading --> \t \n\t<h2 class=\"ot_custom_heading  \" style=\"text-align: center;\" >Nasze realizacje<\/h2>\t\n[vc_raw_html]JTNDZGl2JTIwY2xhc3MlM0QlMjIlMjBzZXBhcmF0b3IlMjAlMjIlM0UlM0NzcGFuJTNFJTNDaSUyMGNsYXNzJTNEJTIyZmElMjBmYS1jaXJjbGUlMjIlM0UlM0MlMkZpJTNFJTNDJTJGc3BhbiUzRSUzQyUyRmRpdiUzRSUwQQ==[\/vc_raw_html][vc_empty_space height=&#8221;10&#8243;][vc_media_grid element_width=&#8221;3&#8243; grid_id=&#8221;vc_gid:1624278640661-dc860593-23e5-0&#8243; include=&#8221;1538,1540,1547,1561,1572,1585,1586,1597&#8243;][\/vc_column][\/vc_row][vc_row fullwidth=&#8221;yes&#8221; css=&#8221;.vc_custom_1442204079522{padding-top: 60px !important;padding-bottom: 60px !important;}&#8221; el_class=&#8221;call-to-action bg-color text-center&#8221;][vc_column]\t\t\t\n\t<!-- Element: OT Button --> \n\t\t\t<a href=\"\/galeria\" target=\"_self\" class=\"btn btn-line-black btn-big  \">Zobacz wszystkie projekty<\/a>\n\t    \n[\/vc_column][\/vc_row][vc_row css=&#8221;.vc_custom_1621858378302{padding-top: 90px !important;padding-bottom: 90px !important;background-image: url(https:\/\/grabowymeble.pl\/wp-content\/uploads\/2021\/05\/o-nas-o.jpg?id=1452) !important;background-position: center !important;background-repeat: no-repeat !important;background-size: cover !important;}&#8221; el_class=&#8221;text-light bg-fixed&#8221;][vc_column]\n\t<!-- Element: OT Heading --> \t \n\t<h2 class=\"ot_custom_heading  \" style=\"text-align: center;color: #eceff3;\" >Opinie naszych klient\u00f3w<\/h2>\t\n\t<!-- Element: OT Line solid --> \t \n\t<div class=\" separator \"><span><i class=\"fa fa-circle\"><\/i><\/span><\/div>\n\t<div class=\"spacer-single\"><\/div>\t      \n\t<!-- Element: OT Testimonial Silder -->\t\n\t<div class=\"testimonial__carousel de_carousel wow fadeInUp\" data-wow-delay=\".3s\" data-visible=\"2\" data-autoplay=\"false\" data-autoheight=\"false\" data-speed=\"200\" data-navspeed=\"800\" data-rewinspeed=\"1000\">\n\t        <div class=\"col-md-12 item\">\n            <div class=\"de_testi\">\n                <blockquote>\n                    <div class=\"jxjCjc\">\n<div>\n<div class=\"Jtu6Td\">\n<div class=\"jxjCjc\">\n<div>\n<div class=\"Jtu6Td\">Solidna i profesjonalna firma. Meble na wymiar wykonane w terminie bardzo dobrze z wysokiej jako\u015bci materia\u0142\u00f3w. Cena dobra. Polecam<\/div>\n<\/div>\n<\/div>\n<\/div>\n<\/div>\n<\/div>\n                    <div class=\"de_testi_by no-margin\">\n\n                    \t\n\t\t\t\t\t\t<div >\n                        \tSebastian, Opinia z Google                        <\/div>\n\n                    <\/div>\n                <\/blockquote>\n            <\/div>\n        <\/div>\n                <div class=\"col-md-12 item\">\n            <div class=\"de_testi\">\n                <blockquote>\n                    <div class=\"jxjCjc\">\n<div>\n<div class=\"Jtu6Td\">Polecam. Rzetelni,terminowi i z bardzo dobrym podej\u015bciem do preferencji klienta.Jako\u015b\u0107 mebli \u015bwietna.U\u017cyte materia\u0142y na najwy\u017cszym poziomie.\u0141azienka,kuchnia i biuro prezentuj\u0105 si\u0119 bardzo \u0142adnie.Dzi\u0119kuj\u0119 i polecam wszystkim firm\u0119 z ca\u0142ego serca.<\/div>\n<div class=\"hTt9T\"><\/div>\n<\/div>\n<\/div>\n<div class=\"GmO6pf\"><\/div>\n                    <div class=\"de_testi_by no-margin\">\n\n                    \t\n\t\t\t\t\t\t<div >\n                        \tJurek, Opinia z Google                        <\/div>\n\n                    <\/div>\n                <\/blockquote>\n            <\/div>\n        <\/div>\n                <div class=\"col-md-12 item\">\n            <div class=\"de_testi\">\n                <blockquote>\n                    <div class=\"jxjCjc\">\n<div>\n<div class=\"Jtu6Td\">Solidna i profesjonalna firma. Polecam<\/div>\n<div class=\"hTt9T\"><\/div>\n<\/div>\n<\/div>\n<div class=\"GmO6pf\"><\/div>\n                    <div class=\"de_testi_by no-margin\">\n\n                    \t\n\t\t\t\t\t\t<div >\n                        \tAdam, Opinia z Google                        <\/div>\n\n                    <\/div>\n                <\/blockquote>\n            <\/div>\n        <\/div>\n            <\/div>\n\n[\/vc_column][\/vc_row][vc_row fullwidth=&#8221;yes&#8221;][vc_column][vc_empty_space height=&#8221;50&#8243;]\n\t<!-- Element: OT Heading --> \t \n\t<h2 class=\"ot_custom_heading  \" style=\"text-align: center;color: #333333;\" >Partnerzy<\/h2>\t\n[vc_raw_html]JTNDZGl2JTIwY2xhc3MlM0QlMjIlMjBzZXBhcmF0b3IlMjBzZXBhcmF0b3ItbGlnaHQlMjIlM0UlM0NzcGFuJTNFJTNDaSUyMGNsYXNzJTNEJTIyZmElMjBmYS1jaXJjbGUlMjIlM0UlM0MlMkZpJTNFJTNDJTJGc3BhbiUzRSUzQyUyRmRpdiUzRSUwQQ==[\/vc_raw_html][vc_empty_space height=&#8221;20&#8243;][\/vc_column][\/vc_row][vc_row][vc_column width=&#8221;1\/5&#8243;][vc_single_image image=&#8221;1700&#8243; img_size=&#8221;full&#8221;][\/vc_column][vc_column width=&#8221;1\/5&#8243;][vc_single_image image=&#8221;1699&#8243; img_size=&#8221;full&#8221;][\/vc_column][vc_column width=&#8221;1\/5&#8243;][vc_single_image image=&#8221;1698&#8243; img_size=&#8221;full&#8221;][\/vc_column][vc_column width=&#8221;1\/5&#8243;][vc_single_image image=&#8221;1697&#8243; img_size=&#8221;full&#8221;][\/vc_column][vc_column width=&#8221;1\/5&#8243;][vc_single_image image=&#8221;1696&#8243; img_size=&#8221;full&#8221;][\/vc_column][\/vc_row][vc_row][vc_column width=&#8221;1\/5&#8243;][vc_single_image image=&#8221;1695&#8243; img_size=&#8221;full&#8221;][\/vc_column][vc_column width=&#8221;1\/5&#8243;][vc_single_image image=&#8221;1694&#8243; img_size=&#8221;full&#8221;][\/vc_column][vc_column width=&#8221;1\/5&#8243;][vc_single_image image=&#8221;1693&#8243; img_size=&#8221;full&#8221;][\/vc_column][vc_column width=&#8221;1\/5&#8243;][vc_single_image image=&#8221;1692&#8243; img_size=&#8221;full&#8221;][\/vc_column][vc_column width=&#8221;1\/5&#8243;][vc_single_image image=&#8221;1691&#8243; img_size=&#8221;full&#8221;][\/vc_column][\/vc_row][vc_row][vc_column width=&#8221;1\/5&#8243;][vc_single_image image=&#8221;1690&#8243; img_size=&#8221;full&#8221;][\/vc_column][vc_column width=&#8221;1\/5&#8243;][vc_single_image image=&#8221;1689&#8243; img_size=&#8221;full&#8221;][\/vc_column][vc_column width=&#8221;1\/5&#8243;][vc_single_image image=&#8221;1688&#8243; img_size=&#8221;full&#8221;][\/vc_column][vc_column width=&#8221;1\/5&#8243;][vc_single_image image=&#8221;1687&#8243; img_size=&#8221;full&#8221;][\/vc_column][vc_column width=&#8221;1\/5&#8243;][vc_single_image image=&#8221;1686&#8243; img_size=&#8221;full&#8221;][\/vc_column][\/vc_row][vc_row fullwidth=&#8221;yes&#8221;][vc_column][vc_empty_space height=&#8221;30&#8243;][\/vc_column][\/vc_row]<\/p>\n","protected":false},"excerpt":{"rendered":"<p>[vc_row fullwidth=&#8221;yes&#8221;][vc_column][\/vc_column][\/vc_row][vc_row css=&#8221;.vc_custom_1495700887685{padding-top: 90px !important;padding-bottom: 60px !important;}&#8221;][vc_column animate=&#8221;fadeinup&#8221;][vc_column_text] Producent mebli na wymiar Grabowy Design z Ostrowi Mazowieckiej. W naszej ofercie znajduj\u0105 si\u0119 meble do wn\u0119trz domowych i komercyjnych, wykonywane na indywidualne zam\u00f3wienie. Produkujemy nowoczesne meble do salonu i sypialni, a tak\u017ce meble kuchenne i \u0142azienkowe. Gwarantujemy bogactwo stylu, przystaj\u0105ce do gust\u00f3w najbardziej wymagaj\u0105cego Klienta. Znajd\u0105 [&hellip;]<\/p>\n","protected":false},"author":1,"featured_media":0,"parent":0,"menu_order":0,"comment_status":"closed","ping_status":"closed","template":"page-templates\/template-canvas.php","meta":[],"yoast_head":"<!-- This site is optimized with the Yoast SEO plugin v16.2 - https:\/\/yoast.com\/wordpress\/plugins\/seo\/ -->\n<title>Meble kuchenne na zam\u00f3wienie \u2013 Ostr\u00f3w Mazowiecka<\/title>\n<meta name=\"description\" content=\"Witamy na stronie firmy Grabowy Design z Ostrowi Mazowieckiej, specjalizuj\u0105cej si\u0119 w projektowaniu i produkcji nowoczesnych mebli kuchennych na zam\u00f3wienie.\" \/>\n<meta name=\"robots\" content=\"index, follow, max-snippet:-1, max-image-preview:large, max-video-preview:-1\" \/>\n<link rel=\"canonical\" href=\"https:\/\/grabowymeble.pl\/\" \/>\n<meta property=\"og:locale\" content=\"pl_PL\" \/>\n<meta property=\"og:type\" content=\"article\" \/>\n<meta property=\"og:title\" content=\"Meble kuchenne na zam\u00f3wienie \u2013 Ostr\u00f3w Mazowiecka\" \/>\n<meta property=\"og:description\" content=\"Witamy na stronie firmy Grabowy Design z Ostrowi Mazowieckiej, specjalizuj\u0105cej si\u0119 w projektowaniu i produkcji nowoczesnych mebli kuchennych na zam\u00f3wienie.\" \/>\n<meta property=\"og:url\" content=\"https:\/\/grabowymeble.pl\/\" \/>\n<meta property=\"og:site_name\" content=\"Meble kuchenne na zam\u00f3wienie \u2013 Ostr\u00f3w Mazowiecka\" \/>\n<meta property=\"article:modified_time\" content=\"2021-06-21T12:31:31+00:00\" \/>\n<meta name=\"twitter:card\" content=\"summary_large_image\" \/>\n<meta name=\"twitter:label1\" content=\"Szacowany czas czytania\">\n\t<meta name=\"twitter:data1\" content=\"3 minuty\">\n<script type=\"application\/ld+json\" class=\"yoast-schema-graph\">{\"@context\":\"https:\/\/schema.org\",\"@graph\":[{\"@type\":\"WebSite\",\"@id\":\"https:\/\/grabowymeble.pl\/#website\",\"url\":\"https:\/\/grabowymeble.pl\/\",\"name\":\"Meble kuchenne na zam\\u00f3wienie \\u2013 Ostr\\u00f3w Mazowiecka\",\"description\":\"Witamy na stronie firmy Grabowy Design z Ostrowi Mazowieckiej, specjalizuj\\u0105cej si\\u0119 w projektowaniu i produkcji nowoczesnych mebli kuchennych na zam\\u00f3wienie.\",\"potentialAction\":[{\"@type\":\"SearchAction\",\"target\":\"https:\/\/grabowymeble.pl\/?s={search_term_string}\",\"query-input\":\"required name=search_term_string\"}],\"inLanguage\":\"pl-PL\"},{\"@type\":\"WebPage\",\"@id\":\"https:\/\/grabowymeble.pl\/#webpage\",\"url\":\"https:\/\/grabowymeble.pl\/\",\"name\":\"Meble kuchenne na zam\\u00f3wienie \\u2013 Ostr\\u00f3w Mazowiecka\",\"isPartOf\":{\"@id\":\"https:\/\/grabowymeble.pl\/#website\"},\"datePublished\":\"2021-05-06T07:11:38+00:00\",\"dateModified\":\"2021-06-21T12:31:31+00:00\",\"description\":\"Witamy na stronie firmy Grabowy Design z Ostrowi Mazowieckiej, specjalizuj\\u0105cej si\\u0119 w projektowaniu i produkcji nowoczesnych mebli kuchennych na zam\\u00f3wienie.\",\"breadcrumb\":{\"@id\":\"https:\/\/grabowymeble.pl\/#breadcrumb\"},\"inLanguage\":\"pl-PL\",\"potentialAction\":[{\"@type\":\"ReadAction\",\"target\":[\"https:\/\/grabowymeble.pl\/\"]}]},{\"@type\":\"BreadcrumbList\",\"@id\":\"https:\/\/grabowymeble.pl\/#breadcrumb\",\"itemListElement\":[{\"@type\":\"ListItem\",\"position\":1,\"item\":{\"@type\":\"WebPage\",\"@id\":\"https:\/\/grabowymeble.pl\/\",\"url\":\"https:\/\/grabowymeble.pl\/\",\"name\":\"Strona g\\u0142\\u00f3wna\"}},{\"@type\":\"ListItem\",\"position\":2,\"item\":{\"@id\":\"https:\/\/grabowymeble.pl\/#webpage\"}}]}]}<\/script>\n<!-- \/ Yoast SEO plugin. -->","_links":{"self":[{"href":"https:\/\/grabowymeble.pl\/api\/wp\/v2\/pages\/1416"}],"collection":[{"href":"https:\/\/grabowymeble.pl\/api\/wp\/v2\/pages"}],"about":[{"href":"https:\/\/grabowymeble.pl\/api\/wp\/v2\/types\/page"}],"author":[{"embeddable":true,"href":"https:\/\/grabowymeble.pl\/api\/wp\/v2\/users\/1"}],"replies":[{"embeddable":true,"href":"https:\/\/grabowymeble.pl\/api\/wp\/v2\/comments?post=1416"}],"version-history":[{"count":65,"href":"https:\/\/grabowymeble.pl\/api\/wp\/v2\/pages\/1416\/revisions"}],"predecessor-version":[{"id":2153,"href":"https:\/\/grabowymeble.pl\/api\/wp\/v2\/pages\/1416\/revisions\/2153"}],"wp:attachment":[{"href":"https:\/\/grabowymeble.pl\/api\/wp\/v2\/media?parent=1416"}],"curies":[{"name":"wp","href":"https:\/\/api.w.org\/{rel}","templated":true}]}}